{"id":2599,"date":"2020-08-12T09:31:41","date_gmt":"2020-08-12T09:31:41","guid":{"rendered":"https:\/\/pvcsolis.com\/finestres-pvc-kommerling-76-xtrem\/"},"modified":"2021-01-21T12:12:49","modified_gmt":"2021-01-21T12:12:49","slug":"ventanas-pvc-kommerling-76-xtrem","status":"publish","type":"page","link":"https:\/\/pvcsolis.com\/es\/ventanas-pvc-kommerling-76-xtrem\/","title":{"rendered":"K\u00d6MMERLING 76 Xtrem"},"content":{"rendered":"<p>[vc_row type=\u00bbvc_default\u00bb css=\u00bb.vc_custom_1474268037787{margin-bottom: -30px !important;padding-bottom: 30px !important;}\u00bb][vc_column offset=\u00bbvc_col-lg-12 vc_col-md-12 vc_col-xs-12&#8243;]<div id=\"ultimate-heading-189369f234a02e003\" class=\"uvc-heading ult-adjust-bottom-margin ultimate-heading-189369f234a02e003 uvc-2110 accent-border-color\" data-hspacer=\"line_only\"  data-halign=\"left\" style=\"text-align:left\"><div class=\"uvc-main-heading ult-responsive\"  data-ultimate-target='.uvc-heading.ultimate-heading-189369f234a02e003 h2'  data-responsive-json-new='{\"font-size\":\"desktop:26px;\",\"line-height\":\"desktop:36px;\"}' ><h2 style=\"font-weight:bold;\">K\u00d6MMERLING 76 Xtrem<\/h2><\/div><div class=\"uvc-heading-spacer line_only\" style=\"margin-top:15px;margin-bottom:30px;height:4px;\"><span class=\"uvc-headings-line\" style=\"border-style:solid;border-bottom-width:4px;border-color:;width:50px;\"><\/span><\/div><\/div>[vc_column_text css=\u00bb.vc_custom_1611230579090{padding-bottom: 60px !important;}\u00bb]<\/p>\n<h4>Innovaci\u00f3n inteligente<\/h4>\n<p><em><strong>Es la gama m\u00e1s innovadora de la marca donde se unen los mejores niveles de aislamiento con un cuidado dise\u00f1o de estilizadas l\u00edneas rectas que reduce la superficie vista.<\/strong><\/em>[\/vc_column_text][vc_row_inner][vc_column_inner][vc_single_image image=\u00bb2064&#8243; img_size=\u00bbfull\u00bb alignment=\u00bbcenter\u00bb][vc_empty_space][\/vc_column_inner][\/vc_row_inner][vc_row_inner][vc_column_inner width=\u00bb1\/3&#8243;]<style type=\"text\/css\" data-type=\"the7_shortcodes-inline-css\">.shortcode-single-image-wrap.shortcode-single-image-8ae7081b7e4ea1aae43fef4dc34438bb.enable-bg-rollover .rollover i,\n.shortcode-single-image-wrap.shortcode-single-image-8ae7081b7e4ea1aae43fef4dc34438bb.enable-bg-rollover .rollover-video i {\n  background: -webkit-linear-gradient();\n  background: linear-gradient();\n}\n.shortcode-single-image-wrap.shortcode-single-image-8ae7081b7e4ea1aae43fef4dc34438bb .rollover-icon {\n  font-size: 32px;\n  color: #ffffff;\n  min-width: 44px;\n  min-height: 44px;\n  line-height: 44px;\n  border-radius: 100px;\n  border-style: solid;\n  border-width: 0px;\n}\n.dt-icon-bg-on.shortcode-single-image-wrap.shortcode-single-image-8ae7081b7e4ea1aae43fef4dc34438bb .rollover-icon {\n  background: rgba(255,255,255,0.3);\n  box-shadow: none;\n}<\/style><div class=\"shortcode-single-image-wrap shortcode-single-image-8ae7081b7e4ea1aae43fef4dc34438bb alignnone  enable-bg-rollover dt-icon-bg-off\" style=\"margin-top:0px; margin-bottom:0px; margin-left:0px; margin-right:0px; width:120px;\"><div class=\"shortcode-single-image\"><div class=\"fancy-media-wrap\" style=\"border-radius:500px;\"><img decoding=\"async\" class=\"preload-me aspect\" src=\"https:\/\/pvcsolis.com\/wp-content\/uploads\/2020\/07\/tic-120x120.png\" srcset=\"https:\/\/pvcsolis.com\/wp-content\/uploads\/2020\/07\/tic-120x120.png 120w, https:\/\/pvcsolis.com\/wp-content\/uploads\/2020\/07\/tic-240x240.png 240w\" sizes=\"(max-width: 120px) 100vw, 120px\" width=\"120\" height=\"120\"  data-dt-location=\"https:\/\/pvcsolis.com\/es\/finestres-pvc-frailero\/tic\/\" style=\"--ratio: 120 \/ 120;border-radius:500px;\" alt=\"\" \/><\/div><\/div><\/div><div id=\"ultimate-heading-375869f234a02ecbc\" class=\"uvc-heading ult-adjust-bottom-margin ultimate-heading-375869f234a02ecbc uvc-5204  uvc-heading-default-font-sizes\" data-hspacer=\"no_spacer\"  data-halign=\"center\" style=\"text-align:center\"><div class=\"uvc-heading-spacer no_spacer\" style=\"top\"><\/div><div class=\"uvc-main-heading ult-responsive\"  data-ultimate-target='.uvc-heading.ultimate-heading-375869f234a02ecbc h6'  data-responsive-json-new='{\"font-size\":\"\",\"line-height\":\"\"}' ><h6 style=\"--font-weight:theme;\">Generaci\u00f3n Xtrem<\/h6><\/div><div class=\"uvc-sub-heading ult-responsive\"  data-ultimate-target='.uvc-heading.ultimate-heading-375869f234a02ecbc .uvc-sub-heading '  data-responsive-json-new='{\"font-size\":\"\",\"line-height\":\"\"}'  style=\"font-weight:normal;\">formulaci\u00f3n propia para cada zona clim\u00e1tica, que se adapta a las caracter\u00edsticas del lugar en cuesti\u00f3n.<\/div><\/div>[\/vc_column_inner][vc_column_inner width=\u00bb1\/3&#8243;]<style type=\"text\/css\" data-type=\"the7_shortcodes-inline-css\">.shortcode-single-image-wrap.shortcode-single-image-8ae7081b7e4ea1aae43fef4dc34438bb.enable-bg-rollover .rollover i,\n.shortcode-single-image-wrap.shortcode-single-image-8ae7081b7e4ea1aae43fef4dc34438bb.enable-bg-rollover .rollover-video i {\n  background: -webkit-linear-gradient();\n  background: linear-gradient();\n}\n.shortcode-single-image-wrap.shortcode-single-image-8ae7081b7e4ea1aae43fef4dc34438bb .rollover-icon {\n  font-size: 32px;\n  color: #ffffff;\n  min-width: 44px;\n  min-height: 44px;\n  line-height: 44px;\n  border-radius: 100px;\n  border-style: solid;\n  border-width: 0px;\n}\n.dt-icon-bg-on.shortcode-single-image-wrap.shortcode-single-image-8ae7081b7e4ea1aae43fef4dc34438bb .rollover-icon {\n  background: rgba(255,255,255,0.3);\n  box-shadow: none;\n}<\/style><div class=\"shortcode-single-image-wrap shortcode-single-image-8ae7081b7e4ea1aae43fef4dc34438bb alignnone  enable-bg-rollover dt-icon-bg-off\" style=\"margin-top:0px; margin-bottom:0px; margin-left:0px; margin-right:0px; width:120px;\"><div class=\"shortcode-single-image\"><div class=\"fancy-media-wrap\" style=\"border-radius:500px;\"><img decoding=\"async\" class=\"preload-me aspect\" src=\"https:\/\/pvcsolis.com\/wp-content\/uploads\/2020\/07\/tic-120x120.png\" srcset=\"https:\/\/pvcsolis.com\/wp-content\/uploads\/2020\/07\/tic-120x120.png 120w, https:\/\/pvcsolis.com\/wp-content\/uploads\/2020\/07\/tic-240x240.png 240w\" sizes=\"(max-width: 120px) 100vw, 120px\" width=\"120\" height=\"120\"  data-dt-location=\"https:\/\/pvcsolis.com\/es\/finestres-pvc-frailero\/tic\/\" style=\"--ratio: 120 \/ 120;border-radius:500px;\" alt=\"\" \/><\/div><\/div><\/div><div id=\"ultimate-heading-810469f234a02f19f\" class=\"uvc-heading ult-adjust-bottom-margin ultimate-heading-810469f234a02f19f uvc-7696  uvc-heading-default-font-sizes\" data-hspacer=\"no_spacer\"  data-halign=\"center\" style=\"text-align:center\"><div class=\"uvc-heading-spacer no_spacer\" style=\"top\"><\/div><div class=\"uvc-main-heading ult-responsive\"  data-ultimate-target='.uvc-heading.ultimate-heading-810469f234a02f19f h6'  data-responsive-json-new='{\"font-size\":\"\",\"line-height\":\"\"}' ><h6 style=\"--font-weight:theme;\">Cuatro versiones<\/h6><\/div><div class=\"uvc-sub-heading ult-responsive\"  data-ultimate-target='.uvc-heading.ultimate-heading-810469f234a02f19f .uvc-sub-heading '  data-responsive-json-new='{\"font-size\":\"\",\"line-height\":\"\"}'  style=\"font-weight:normal;\"><em>K\u00d6MMERLING 76 MD Xtrem, K\u00d6MMERLING 76 AD Xtrem, 76 MD Zero Xtrem<\/em> y <em>AluClip Zero Xtrem<\/em>; para adaptarse a las diferentes necesidades y a los proyectos m\u00e1s vanguardistas.<\/div><\/div>[\/vc_column_inner][vc_column_inner width=\u00bb1\/3&#8243;]<style type=\"text\/css\" data-type=\"the7_shortcodes-inline-css\">.shortcode-single-image-wrap.shortcode-single-image-8ae7081b7e4ea1aae43fef4dc34438bb.enable-bg-rollover .rollover i,\n.shortcode-single-image-wrap.shortcode-single-image-8ae7081b7e4ea1aae43fef4dc34438bb.enable-bg-rollover .rollover-video i {\n  background: -webkit-linear-gradient();\n  background: linear-gradient();\n}\n.shortcode-single-image-wrap.shortcode-single-image-8ae7081b7e4ea1aae43fef4dc34438bb .rollover-icon {\n  font-size: 32px;\n  color: #ffffff;\n  min-width: 44px;\n  min-height: 44px;\n  line-height: 44px;\n  border-radius: 100px;\n  border-style: solid;\n  border-width: 0px;\n}\n.dt-icon-bg-on.shortcode-single-image-wrap.shortcode-single-image-8ae7081b7e4ea1aae43fef4dc34438bb .rollover-icon {\n  background: rgba(255,255,255,0.3);\n  box-shadow: none;\n}<\/style><div class=\"shortcode-single-image-wrap shortcode-single-image-8ae7081b7e4ea1aae43fef4dc34438bb alignnone  enable-bg-rollover dt-icon-bg-off\" style=\"margin-top:0px; margin-bottom:0px; margin-left:0px; margin-right:0px; width:120px;\"><div class=\"shortcode-single-image\"><div class=\"fancy-media-wrap\" style=\"border-radius:500px;\"><img decoding=\"async\" class=\"preload-me aspect\" src=\"https:\/\/pvcsolis.com\/wp-content\/uploads\/2020\/07\/tic-120x120.png\" srcset=\"https:\/\/pvcsolis.com\/wp-content\/uploads\/2020\/07\/tic-120x120.png 120w, https:\/\/pvcsolis.com\/wp-content\/uploads\/2020\/07\/tic-240x240.png 240w\" sizes=\"(max-width: 120px) 100vw, 120px\" width=\"120\" height=\"120\"  data-dt-location=\"https:\/\/pvcsolis.com\/es\/finestres-pvc-frailero\/tic\/\" style=\"--ratio: 120 \/ 120;border-radius:500px;\" alt=\"\" \/><\/div><\/div><\/div><div id=\"ultimate-heading-847069f234a02f612\" class=\"uvc-heading ult-adjust-bottom-margin ultimate-heading-847069f234a02f612 uvc-777  uvc-heading-default-font-sizes\" data-hspacer=\"no_spacer\"  data-halign=\"center\" style=\"text-align:center\"><div class=\"uvc-heading-spacer no_spacer\" style=\"top\"><\/div><div class=\"uvc-main-heading ult-responsive\"  data-ultimate-target='.uvc-heading.ultimate-heading-847069f234a02f612 h6'  data-responsive-json-new='{\"font-size\":\"\",\"line-height\":\"\"}' ><h6 style=\"--font-weight:theme;\">Innovadora cuarta junta adicional<\/h6><\/div><div class=\"uvc-sub-heading ult-responsive\"  data-ultimate-target='.uvc-heading.ultimate-heading-847069f234a02f612 .uvc-sub-heading '  data-responsive-json-new='{\"font-size\":\"\",\"line-height\":\"\"}'  style=\"font-weight:normal;\">en la hoja que mejora la transmitancia t\u00e9rmica del conjunto para conseguir el m\u00e1ximo aislamiento en s\u00f3lo 76mm de profundidad.<\/div><\/div>[\/vc_column_inner][\/vc_row_inner][vc_empty_space height=\u00bb50px\u00bb][vc_empty_space height=\u00bb50px\u00bb][vc_row_inner][vc_column_inner width=\u00bb1\/2&#8243;][vc_column_text]El nuevo K\u00d6MMERLING 76 Xtrem, es un innovador sistema practicable donde se incluyen: <em>K\u00d6MMERLING 76 MD Xtrem, K\u00d6MMERLING 76 AD Xtrem, 76 MD Zero Xtrem <\/em>y<em> AluClip Zero Xtrem<\/em>. Puertas y ventanas de estilizadas l\u00edneas rectas que consiguen un \u00f3ptimo nivel de aislamiento y confort en s\u00f3lo 76 mm. Un sistema resistente y de alta durabilidad que aporta seguridad a la vivienda gracias a sus potentes refuerzos de acero y que lo hace una excelente opci\u00f3n para la rehabilitaci\u00f3n de viviendas.<\/p>\n<p>Un sistema vers\u00e1til, compatible con toda la familia de K\u00d6MMERLING 76 que permite fabricar todo tipo de cierres e introducir cristales de gran espesor. Como todos los sistemas K\u00d6MMERLING, la <strong>generaci\u00f3n Xtrem<\/strong> cuenta con formulaci\u00f3n propia y est\u00e1n especialmente dise\u00f1ados para las caracter\u00edsticas de la diversa climatolog\u00eda de nuestro pa\u00eds.[\/vc_column_text][\/vc_column_inner][vc_column_inner width=\u00bb1\/2&#8243;][vc_single_image image=\u00bb2068&#8243; img_size=\u00bbfull\u00bb alignment=\u00bbcenter\u00bb][vc_empty_space height=\u00bb20px\u00bb]<div id=\"ultimate-heading-383669f234a02f641\" class=\"uvc-heading ult-adjust-bottom-margin ultimate-heading-383669f234a02f641 uvc-8475  uvc-heading-default-font-sizes\" data-hspacer=\"no_spacer\"  data-halign=\"center\" style=\"text-align:center\"><div class=\"uvc-heading-spacer no_spacer\" style=\"top\"><\/div><div class=\"uvc-sub-heading ult-responsive\"  data-ultimate-target='.uvc-heading.ultimate-heading-383669f234a02f641 .uvc-sub-heading '  data-responsive-json-new='{\"font-size\":\"\",\"line-height\":\"\"}'  style=\"font-weight:normal;\"><strong>Perfil K\u00d6MMERLING 76 MD Xtrem<\/strong><\/div><\/div>[\/vc_column_inner][\/vc_row_inner][\/vc_column][vc_column][vc_row_inner][vc_column_inner][vc_empty_space]<div id=\"ultimate-heading-982069f234a02f663\" class=\"uvc-heading ult-adjust-bottom-margin ultimate-heading-982069f234a02f663 uvc-8385 accent-border-color\" data-hspacer=\"line_only\"  data-halign=\"left\" style=\"text-align:left\"><div class=\"uvc-main-heading ult-responsive\"  data-ultimate-target='.uvc-heading.ultimate-heading-982069f234a02f663 h2'  data-responsive-json-new='{\"font-size\":\"desktop:26px;\",\"line-height\":\"desktop:36px;\"}' ><h2 style=\"font-weight:bold;\">Generaci\u00f3n Xtrem<\/h2><\/div><div class=\"uvc-heading-spacer line_only\" style=\"margin-top:15px;margin-bottom:30px;height:4px;\"><span class=\"uvc-headings-line\" style=\"border-style:solid;border-bottom-width:4px;border-color:;width:50px;\"><\/span><\/div><\/div>[\/vc_column_inner][\/vc_row_inner][vc_row_inner][vc_column_inner width=\u00bb1\/4&#8243;][vc_empty_space][vc_single_image image=\u00bb2068&#8243; img_size=\u00bbfull\u00bb alignment=\u00bbcenter\u00bb]<div id=\"ultimate-heading-200069f234a02f685\" class=\"uvc-heading ult-adjust-bottom-margin ultimate-heading-200069f234a02f685 uvc-5996  uvc-heading-default-font-sizes\" data-hspacer=\"no_spacer\"  data-halign=\"center\" style=\"text-align:center\"><div class=\"uvc-heading-spacer no_spacer\" style=\"top\"><\/div><div class=\"uvc-sub-heading ult-responsive\"  data-ultimate-target='.uvc-heading.ultimate-heading-200069f234a02f685 .uvc-sub-heading '  data-responsive-json-new='{\"font-size\":\"\",\"line-height\":\"\"}'  style=\"font-weight:normal;\"><\/p>\n<p style=\"text-align: center;\"><strong>K\u00d6MMERLING 76 MD Xtrem<\/strong><\/p>\n<p style=\"text-align: center;\">El top de la gama en 76mm con junta central y el m\u00e1ximo aislamiento t\u00e9rmico.<\/p>\n<p><\/div><\/div>[\/vc_column_inner][vc_column_inner width=\u00bb1\/4&#8243;][vc_empty_space][vc_single_image image=\u00bb2075&#8243; img_size=\u00bbfull\u00bb alignment=\u00bbcenter\u00bb]<div id=\"ultimate-heading-738569f234a02f69c\" class=\"uvc-heading ult-adjust-bottom-margin ultimate-heading-738569f234a02f69c uvc-5188  uvc-heading-default-font-sizes\" data-hspacer=\"no_spacer\"  data-halign=\"center\" style=\"text-align:center\"><div class=\"uvc-heading-spacer no_spacer\" style=\"top\"><\/div><div class=\"uvc-sub-heading ult-responsive\"  data-ultimate-target='.uvc-heading.ultimate-heading-738569f234a02f69c .uvc-sub-heading '  data-responsive-json-new='{\"font-size\":\"\",\"line-height\":\"\"}'  style=\"font-weight:normal;\"><\/p>\n<p style=\"text-align: center;\"><strong>K\u00d6MMERLING 76 AD Xtrem<\/strong><\/p>\n<p style=\"text-align: center;\">76mm con junta perif\u00e9rica. \u00d3ptimas prestaciones con la producci\u00f3n m\u00e1s optimizada.<\/p>\n<p><\/div><\/div>[\/vc_column_inner][vc_column_inner width=\u00bb1\/4&#8243;][vc_empty_space][vc_single_image image=\u00bb2076&#8243; img_size=\u00bbfull\u00bb alignment=\u00bbcenter\u00bb]<div id=\"ultimate-heading-65569f234a02f6b7\" class=\"uvc-heading ult-adjust-bottom-margin ultimate-heading-65569f234a02f6b7 uvc-8167  uvc-heading-default-font-sizes\" data-hspacer=\"no_spacer\"  data-halign=\"center\" style=\"text-align:center\"><div class=\"uvc-heading-spacer no_spacer\" style=\"top\"><\/div><div class=\"uvc-sub-heading ult-responsive\"  data-ultimate-target='.uvc-heading.ultimate-heading-65569f234a02f6b7 .uvc-sub-heading '  data-responsive-json-new='{\"font-size\":\"\",\"line-height\":\"\"}'  style=\"font-weight:normal;\"><\/p>\n<p style=\"text-align: center;\"><strong>76 MD Zero Xtrem<\/strong><\/p>\n<p style=\"text-align: center;\">Tecnolog\u00eda de hoja oculta. La est\u00e9tica m\u00e1s vanguardista sin perder las buenas prestaciones del sistema.<\/p>\n<p><\/div><\/div>[\/vc_column_inner][vc_column_inner width=\u00bb1\/4&#8243;][vc_empty_space][vc_single_image image=\u00bb2077&#8243; img_size=\u00bbfull\u00bb alignment=\u00bbcenter\u00bb]<div id=\"ultimate-heading-25369f234a02f6d1\" class=\"uvc-heading ult-adjust-bottom-margin ultimate-heading-25369f234a02f6d1 uvc-6064  uvc-heading-default-font-sizes\" data-hspacer=\"no_spacer\"  data-halign=\"center\" style=\"text-align:center\"><div class=\"uvc-heading-spacer no_spacer\" style=\"top\"><\/div><div class=\"uvc-sub-heading ult-responsive\"  data-ultimate-target='.uvc-heading.ultimate-heading-25369f234a02f6d1 .uvc-sub-heading '  data-responsive-json-new='{\"font-size\":\"\",\"line-height\":\"\"}'  style=\"font-weight:normal;\"><\/p>\n<p style=\"text-align: center;\"><strong>AluClip Zero Xtrem<\/strong><\/p>\n<p style=\"text-align: center;\">Est\u00e9tica de aluminio con prestaciones de PVC, completando la gama K\u00d6MMERLING 76 Xtrem.<\/p>\n<p><\/div><\/div>[\/vc_column_inner][\/vc_row_inner][vc_row_inner][vc_column_inner][vc_empty_space height=\u00bb45px\u00bb][vc_empty_space]<div id=\"ultimate-heading-516169f234a02f6f8\" class=\"uvc-heading ult-adjust-bottom-margin ultimate-heading-516169f234a02f6f8 uvc-6976 accent-border-color\" data-hspacer=\"line_only\"  data-halign=\"left\" style=\"text-align:left\"><div class=\"uvc-main-heading ult-responsive\"  data-ultimate-target='.uvc-heading.ultimate-heading-516169f234a02f6f8 h2'  data-responsive-json-new='{\"font-size\":\"desktop:26px;\",\"line-height\":\"desktop:36px;\"}' ><h2 style=\"font-weight:bold;\">Prestaciones t\u00e9cnicas<\/h2><\/div><div class=\"uvc-heading-spacer line_only\" style=\"margin-top:15px;margin-bottom:30px;height:4px;\"><span class=\"uvc-headings-line\" style=\"border-style:solid;border-bottom-width:4px;border-color:;width:50px;\"><\/span><\/div><\/div>[\/vc_column_inner][\/vc_row_inner][vc_row_inner][vc_column_inner width=\u00bb1\/2&#8243;][vc_column_text]<\/p>\n<h6>Caracter\u00edsticas de la familia Xtrem<\/h6>\n<ol>\n<li><strong>Perfiles Greenline<\/strong><br \/>\nPerfiles 100% reciclables con el sello Greenline.<\/li>\n<li><b>M\u00e1ximo aislamiento<\/b><br \/>\nM\u00e1ximo aislamiento y ahorro de energ\u00eda en un sistema de 76mm.<\/li>\n<li><b>Resistencia y alta\u00a0durabilidad<\/b><br \/>\ngracias a sus potentes refuerzos de acero.<\/li>\n<li><strong>Innovadora junta en la hoja<\/strong><br \/>\nque reduce los movimientos de aire en la c\u00e1mara de vidrio.<\/li>\n<li><b>Dise\u00f1ado para la arquitectura actual <\/b><br \/>\nadapt\u00e1ndose a los proyectos m\u00e1s vanguardistas.<\/li>\n<\/ol>\n<p>[\/vc_column_text][\/vc_column_inner][vc_column_inner width=\u00bb1\/2&#8243;][vc_empty_space height=\u00bb64px\u00bb][vc_single_image image=\u00bb2079&#8243; img_size=\u00bbfull\u00bb alignment=\u00bbcenter\u00bb][\/vc_column_inner][\/vc_row_inner][\/vc_column][\/vc_row][vc_row][vc_column][vc_empty_space][\/vc_column][\/vc_row][vc_row][vc_column width=\u00bb1\/4&#8243;][\/vc_column][vc_column width=\u00bb1\/2&#8243;][vc_single_image image=\u00bb2091&#8243; img_size=\u00bbfull\u00bb alignment=\u00bbcenter\u00bb onclick=\u00bbcustom_link\u00bb link=\u00bbhttp:\/\/pvcsolis.com\/wp-content\/uploads\/2020\/08\/Folleto-K\u00d6MMERLING76digital.pdf\u00bb][\/vc_column][vc_column width=\u00bb1\/4&#8243;][\/vc_column][\/vc_row]<\/p>\n","protected":false},"excerpt":{"rendered":"<p>[vc_row type=\u00bbvc_default\u00bb css=\u00bb.vc_custom_1474268037787{margin-bottom: -30px !important;padding-bottom: 30px !important;}\u00bb][vc_column offset=\u00bbvc_col-lg-12 vc_col-md-12 vc_col-xs-12&#8243;][vc_column_text css=\u00bb.vc_custom_1611230579090{padding-bottom: 60px !important;}\u00bb] Innovaci\u00f3n inteligente Es la gama m\u00e1s innovadora de la marca donde se unen los mejores niveles de aislamiento con un cuidado dise\u00f1o de estilizadas l\u00edneas rectas que reduce la superficie vista.[\/vc_column_text][vc_row_inner][vc_column_inner][vc_single_image image=\u00bb2064&#8243; img_size=\u00bbfull\u00bb alignment=\u00bbcenter\u00bb][vc_empty_space][\/vc_column_inner][\/vc_row_inner][vc_row_inner][vc_column_inner width=\u00bb1\/3&#8243;][\/vc_column_inner][vc_column_inner width=\u00bb1\/3&#8243;][\/vc_column_inner][vc_column_inner width=\u00bb1\/3&#8243;][\/vc_column_inner][\/vc_row_inner][vc_empty_space height=\u00bb50px\u00bb][vc_empty_space height=\u00bb50px\u00bb][vc_row_inner][vc_column_inner width=\u00bb1\/2&#8243;][vc_column_text]El nuevo K\u00d6MMERLING&hellip;<\/p>\n","protected":false},"author":1,"featured_media":0,"parent":0,"menu_order":0,"comment_status":"closed","ping_status":"closed","template":"","meta":{"footnotes":""},"class_list":["post-2599","page","type-page","status-publish","hentry","description-off"],"yoast_head":"<!-- This site is optimized with the Yoast SEO plugin v26.8 - https:\/\/yoast.com\/product\/yoast-seo-wordpress\/ -->\n<title>K\u00d6MMERLING 76 Xtrem - PVC y Aluminios Manresa<\/title>\n<meta name=\"description\" content=\"Especialistas en ventanas de PVC. Trabajos en aluminio. Servicio de persianas, barandillas... Pide tu presupuesto sin compromiso: 633481340.\" \/>\n<meta name=\"robots\" content=\"index, follow, max-snippet:-1, max-image-preview:large, max-video-preview:-1\" \/>\n<link rel=\"canonical\" href=\"https:\/\/pvcsolis.com\/es\/ventanas-pvc-kommerling-76-xtrem\/\" \/>\n<meta property=\"og:locale\" content=\"es_ES\" \/>\n<meta property=\"og:type\" content=\"article\" \/>\n<meta property=\"og:title\" content=\"K\u00d6MMERLING 76 Xtrem - PVC y Aluminios Manresa\" \/>\n<meta property=\"og:description\" content=\"Especialistas en ventanas de PVC. Trabajos en aluminio. Servicio de persianas, barandillas... Pide tu presupuesto sin compromiso: 633481340.\" \/>\n<meta property=\"og:url\" content=\"https:\/\/pvcsolis.com\/es\/ventanas-pvc-kommerling-76-xtrem\/\" \/>\n<meta property=\"og:site_name\" content=\"PVC y Aluminios Manresa\" \/>\n<meta property=\"article:modified_time\" content=\"2021-01-21T12:12:49+00:00\" \/>\n<meta name=\"twitter:card\" content=\"summary_large_image\" \/>\n<meta name=\"twitter:label1\" content=\"Tiempo de lectura\" \/>\n\t<meta name=\"twitter:data1\" content=\"3 minutos\" \/>\n<script type=\"application\/ld+json\" class=\"yoast-schema-graph\">{\"@context\":\"https:\/\/schema.org\",\"@graph\":[{\"@type\":\"WebPage\",\"@id\":\"https:\/\/pvcsolis.com\/es\/ventanas-pvc-kommerling-76-xtrem\/\",\"url\":\"https:\/\/pvcsolis.com\/es\/ventanas-pvc-kommerling-76-xtrem\/\",\"name\":\"K\u00d6MMERLING 76 Xtrem - PVC y Aluminios Manresa\",\"isPartOf\":{\"@id\":\"https:\/\/pvcsolis.com\/es\/#website\"},\"datePublished\":\"2020-08-12T09:31:41+00:00\",\"dateModified\":\"2021-01-21T12:12:49+00:00\",\"description\":\"Especialistas en ventanas de PVC. Trabajos en aluminio. Servicio de persianas, barandillas... Pide tu presupuesto sin compromiso: 633481340.\",\"breadcrumb\":{\"@id\":\"https:\/\/pvcsolis.com\/es\/ventanas-pvc-kommerling-76-xtrem\/#breadcrumb\"},\"inLanguage\":\"es\",\"potentialAction\":[{\"@type\":\"ReadAction\",\"target\":[\"https:\/\/pvcsolis.com\/es\/ventanas-pvc-kommerling-76-xtrem\/\"]}]},{\"@type\":\"BreadcrumbList\",\"@id\":\"https:\/\/pvcsolis.com\/es\/ventanas-pvc-kommerling-76-xtrem\/#breadcrumb\",\"itemListElement\":[{\"@type\":\"ListItem\",\"position\":1,\"name\":\"Portada\",\"item\":\"https:\/\/pvcsolis.com\/es\/\"},{\"@type\":\"ListItem\",\"position\":2,\"name\":\"K\u00d6MMERLING 76 Xtrem\"}]},{\"@type\":\"WebSite\",\"@id\":\"https:\/\/pvcsolis.com\/es\/#website\",\"url\":\"https:\/\/pvcsolis.com\/es\/\",\"name\":\"PVC y Aluminios Manresa\",\"description\":\"Instal\u00b7laci\u00f3 de PVC\",\"publisher\":{\"@id\":\"https:\/\/pvcsolis.com\/es\/#organization\"},\"potentialAction\":[{\"@type\":\"SearchAction\",\"target\":{\"@type\":\"EntryPoint\",\"urlTemplate\":\"https:\/\/pvcsolis.com\/es\/?s={search_term_string}\"},\"query-input\":{\"@type\":\"PropertyValueSpecification\",\"valueRequired\":true,\"valueName\":\"search_term_string\"}}],\"inLanguage\":\"es\"},{\"@type\":\"Organization\",\"@id\":\"https:\/\/pvcsolis.com\/es\/#organization\",\"name\":\"PVC y Aluminios Manresa\",\"url\":\"https:\/\/pvcsolis.com\/es\/\",\"logo\":{\"@type\":\"ImageObject\",\"inLanguage\":\"es\",\"@id\":\"https:\/\/pvcsolis.com\/es\/#\/schema\/logo\/image\/\",\"url\":\"https:\/\/pvcsolis.com\/wp-content\/uploads\/2020\/06\/pvc-y-aluminios-solis.png\",\"contentUrl\":\"https:\/\/pvcsolis.com\/wp-content\/uploads\/2020\/06\/pvc-y-aluminios-solis.png\",\"width\":70,\"height\":70,\"caption\":\"PVC y Aluminios Manresa\"},\"image\":{\"@id\":\"https:\/\/pvcsolis.com\/es\/#\/schema\/logo\/image\/\"}}]}<\/script>\n<!-- \/ Yoast SEO plugin. -->","yoast_head_json":{"title":"K\u00d6MMERLING 76 Xtrem - PVC y Aluminios Manresa","description":"Especialistas en ventanas de PVC. Trabajos en aluminio. Servicio de persianas, barandillas... Pide tu presupuesto sin compromiso: 633481340.","robots":{"index":"index","follow":"follow","max-snippet":"max-snippet:-1","max-image-preview":"max-image-preview:large","max-video-preview":"max-video-preview:-1"},"canonical":"https:\/\/pvcsolis.com\/es\/ventanas-pvc-kommerling-76-xtrem\/","og_locale":"es_ES","og_type":"article","og_title":"K\u00d6MMERLING 76 Xtrem - PVC y Aluminios Manresa","og_description":"Especialistas en ventanas de PVC. Trabajos en aluminio. Servicio de persianas, barandillas... Pide tu presupuesto sin compromiso: 633481340.","og_url":"https:\/\/pvcsolis.com\/es\/ventanas-pvc-kommerling-76-xtrem\/","og_site_name":"PVC y Aluminios Manresa","article_modified_time":"2021-01-21T12:12:49+00:00","twitter_card":"summary_large_image","twitter_misc":{"Tiempo de lectura":"3 minutos"},"schema":{"@context":"https:\/\/schema.org","@graph":[{"@type":"WebPage","@id":"https:\/\/pvcsolis.com\/es\/ventanas-pvc-kommerling-76-xtrem\/","url":"https:\/\/pvcsolis.com\/es\/ventanas-pvc-kommerling-76-xtrem\/","name":"K\u00d6MMERLING 76 Xtrem - PVC y Aluminios Manresa","isPartOf":{"@id":"https:\/\/pvcsolis.com\/es\/#website"},"datePublished":"2020-08-12T09:31:41+00:00","dateModified":"2021-01-21T12:12:49+00:00","description":"Especialistas en ventanas de PVC. Trabajos en aluminio. Servicio de persianas, barandillas... Pide tu presupuesto sin compromiso: 633481340.","breadcrumb":{"@id":"https:\/\/pvcsolis.com\/es\/ventanas-pvc-kommerling-76-xtrem\/#breadcrumb"},"inLanguage":"es","potentialAction":[{"@type":"ReadAction","target":["https:\/\/pvcsolis.com\/es\/ventanas-pvc-kommerling-76-xtrem\/"]}]},{"@type":"BreadcrumbList","@id":"https:\/\/pvcsolis.com\/es\/ventanas-pvc-kommerling-76-xtrem\/#breadcrumb","itemListElement":[{"@type":"ListItem","position":1,"name":"Portada","item":"https:\/\/pvcsolis.com\/es\/"},{"@type":"ListItem","position":2,"name":"K\u00d6MMERLING 76 Xtrem"}]},{"@type":"WebSite","@id":"https:\/\/pvcsolis.com\/es\/#website","url":"https:\/\/pvcsolis.com\/es\/","name":"PVC y Aluminios Manresa","description":"Instal\u00b7laci\u00f3 de PVC","publisher":{"@id":"https:\/\/pvcsolis.com\/es\/#organization"},"potentialAction":[{"@type":"SearchAction","target":{"@type":"EntryPoint","urlTemplate":"https:\/\/pvcsolis.com\/es\/?s={search_term_string}"},"query-input":{"@type":"PropertyValueSpecification","valueRequired":true,"valueName":"search_term_string"}}],"inLanguage":"es"},{"@type":"Organization","@id":"https:\/\/pvcsolis.com\/es\/#organization","name":"PVC y Aluminios Manresa","url":"https:\/\/pvcsolis.com\/es\/","logo":{"@type":"ImageObject","inLanguage":"es","@id":"https:\/\/pvcsolis.com\/es\/#\/schema\/logo\/image\/","url":"https:\/\/pvcsolis.com\/wp-content\/uploads\/2020\/06\/pvc-y-aluminios-solis.png","contentUrl":"https:\/\/pvcsolis.com\/wp-content\/uploads\/2020\/06\/pvc-y-aluminios-solis.png","width":70,"height":70,"caption":"PVC y Aluminios Manresa"},"image":{"@id":"https:\/\/pvcsolis.com\/es\/#\/schema\/logo\/image\/"}}]}},"_links":{"self":[{"href":"https:\/\/pvcsolis.com\/es\/wp-json\/wp\/v2\/pages\/2599","targetHints":{"allow":["GET"]}}],"collection":[{"href":"https:\/\/pvcsolis.com\/es\/wp-json\/wp\/v2\/pages"}],"about":[{"href":"https:\/\/pvcsolis.com\/es\/wp-json\/wp\/v2\/types\/page"}],"author":[{"embeddable":true,"href":"https:\/\/pvcsolis.com\/es\/wp-json\/wp\/v2\/users\/1"}],"replies":[{"embeddable":true,"href":"https:\/\/pvcsolis.com\/es\/wp-json\/wp\/v2\/comments?post=2599"}],"version-history":[{"count":0,"href":"https:\/\/pvcsolis.com\/es\/wp-json\/wp\/v2\/pages\/2599\/revisions"}],"wp:attachment":[{"href":"https:\/\/pvcsolis.com\/es\/wp-json\/wp\/v2\/media?parent=2599"}],"curies":[{"name":"wp","href":"https:\/\/api.w.org\/{rel}","templated":true}]}}